{"id":351,"date":"2017-03-01T17:52:50","date_gmt":"2017-03-01T17:52:50","guid":{"rendered":"http:\/\/iesbenjamin.educacion.navarra.es\/blogs\/orientacion\/?page_id=351"},"modified":"2021-01-04T17:33:55","modified_gmt":"2021-01-04T17:33:55","slug":"pruebas-de-acceso-a-f-p-grado-superior","status":"publish","type":"page","link":"https:\/\/iesbenjamin.educacion.navarra.es\/blogs\/orientacion\/orientacion-de-estudios\/formacion-profesional\/formacion-profesional-de-grado-superior\/pruebas-de-acceso-a-f-p-grado-superior\/","title":{"rendered":"Pruebas de acceso a F.P Grado Superior"},"content":{"rendered":"<p>&#8211;<u>Requisitos de inscripci\u00f3n<\/u>:<\/p>\n<p>&#8211;<strong>Edad<\/strong>: Tener como m\u00ednimo 19 a\u00f1os o cumplirlos en el a\u00f1o natural<\/p>\n<p>Para inscribirse en la prueba de acceso <strong>a ciclos de grado superior para el acceso a ense\u00f1anzas profesionales de artes pl\u00e1sticas y dise\u00f1o<\/strong> se deber\u00e1 cumplir uno de los siguientes requisitos:<\/p>\n<ul>\n<li>Tener como m\u00ednimo 19 a\u00f1os o cumplirlos en el a\u00f1o de realizaci\u00f3n de la prueba, o<\/li>\n<li>Tener 18 a\u00f1os o cumplirlos en el a\u00f1o de realizaci\u00f3n de la prueba y un t\u00edtulo de t\u00e9cnico relacionado con el ciclo de grado superior al que se desea acceder.<\/li>\n<\/ul>\n<p>&#8211;<strong>No estar en posesi\u00f3n de <\/strong>los siguientes t\u00edtulos o certificados:<\/p>\n<p>-Bachiller \/ T\u00e9cnico de FP \/ Universitario \/ T\u00e9cnico Superior.<\/p>\n<p><strong><em>Si se \u00a0desea cursar un ciclo de grado superior de Artes Pl\u00e1sticas y Dise\u00f1o o de Ense\u00f1anzas <\/em><em>deportivas, deben inscribirse a la prueba \u00a0ya que su v\u00eda de acceso exclusiva a estas ense\u00f1anzas es la Prueba <\/em><em>de acceso.<\/em><\/strong><\/p>\n<p>&#8211;<u>Estructura de la prueba<\/u>:<\/p>\n<p>&#8211;<strong>4 modalidades de prueba. <\/strong>Puedes consultar aqu\u00ed la correspondencia entre modalidades de prueba y Familias Profesionales\u00a0<a href=\"http:\/\/iesbenjamin.educacion.navarra.es\/blogs\/orientacion\/wp-content\/uploads\/sites\/8\/2017\/03\/Familias-Profesionales-a-las-que-se-accede-por-cada-modalidad-de-la-prueba-de-aceso.pdf\">Familias Profesionales a las que se accede por cada modalidad de la prueba de aceso<\/a><\/p>\n<p>-Ciencias e ingenier\u00eda<\/p>\n<p>-Ciencias sociales<\/p>\n<p>-Ciencias de la salud<\/p>\n<p>-Artes<\/p>\n<p>&#8211;<strong>Estructurada en 2 partes: com\u00fan \/ espec\u00edfica\u00a0<\/strong><\/p>\n<p>&#8211;<strong>Contenidos y criterios de evaluaci\u00f3n de la prueba :\u00a0<\/strong>M\u00e1s informaci\u00f3n en el siguiente enlace<\/p>\n<p><a href=\"http:\/\/www.navarra.es\/home_es\/Servicios\/ficha\/3104\/Pruebas-de-acceso-a-ciclos-de-FP-de-Artes-Plasticas-y-Diseno-y-de-Ensenanzas-Deportivas\" target=\"_blank\" rel=\"noopener\">Contenidos y ex\u00e1menes de otros cursos<\/a>. ( En la men\u00fa \u00bb M\u00e1s Informaci\u00f3n)<\/p>\n<p>&#8211;<strong>Exenciones de \u00e1mbitos de la prueba: <\/strong><\/p>\n<p>-Hay que solicitar la exenci\u00f3n en el formulario de inscripci\u00f3n, aportando la documentaci\u00f3n que corresponda <em>(excepto cuando se solicite la exenci\u00f3n de alguna parte por haber <\/em><em>superado dicha parte de la prueba en convocatorias anteriores en Navarra, en cuyo caso se <\/em><em>aporta de oficio por el Departamento de Educaci\u00f3n).<\/em><\/p>\n<p>&#8211;<u>Calificaci\u00f3n de la Prueba<\/u>:<\/p>\n<p>-Cada parte: entre 0 y 10.<\/p>\n<p>-Calificaci\u00f3n de la Prueba:<\/p>\n<p>-Es la media aritm\u00e9tica de la calificaci\u00f3n de las 2 partes (siempre que sean iguales o superiores a 4).<\/p>\n<p>-Expresada de 0 a 10, con dos decimales.<\/p>\n<p>-Se considera que la Prueba ha sido superada con una calificaci\u00f3n de 5 o m\u00e1s puntos.<\/p>\n<p><em>Si existen partes exentas, no cuentan para el c\u00e1lculo de la calificaci\u00f3n final de la prueba, <\/em><em>excepto si la exenci\u00f3n es debida a superaci\u00f3n de la parte de la prueba en convocatorias <\/em><em>anteriores en Navarra.<\/em><\/p>\n","protected":false},"excerpt":{"rendered":"<p>&#8211;Requisitos de inscripci\u00f3n: &#8211;Edad: Tener como m\u00ednimo 19 a\u00f1os o cumplirlos en el a\u00f1o natural Para inscribirse en la prueba de acceso a ciclos de grado superior para el acceso a ense\u00f1anzas profesionales de artes pl\u00e1sticas y dise\u00f1o se deber\u00e1 &hellip; <a href=\"https:\/\/iesbenjamin.educacion.navarra.es\/blogs\/orientacion\/orientacion-de-estudios\/formacion-profesional\/formacion-profesional-de-grado-superior\/pruebas-de-acceso-a-f-p-grado-superior\/\">Sigue leyendo <span class=\"meta-nav\">&rarr;<\/span><\/a><\/p>\n","protected":false},"author":84,"featured_media":0,"parent":175,"menu_order":0,"comment_status":"closed","ping_status":"closed","template":"","meta":[],"_links":{"self":[{"href":"https:\/\/iesbenjamin.educacion.navarra.es\/blogs\/orientacion\/wp-json\/wp\/v2\/pages\/351"}],"collection":[{"href":"https:\/\/iesbenjamin.educacion.navarra.es\/blogs\/orientacion\/wp-json\/wp\/v2\/pages"}],"about":[{"href":"https:\/\/iesbenjamin.educacion.navarra.es\/blogs\/orientacion\/wp-json\/wp\/v2\/types\/page"}],"author":[{"embeddable":true,"href":"https:\/\/iesbenjamin.educacion.navarra.es\/blogs\/orientacion\/wp-json\/wp\/v2\/users\/84"}],"replies":[{"embeddable":true,"href":"https:\/\/iesbenjamin.educacion.navarra.es\/blogs\/orientacion\/wp-json\/wp\/v2\/comments?post=351"}],"version-history":[{"count":4,"href":"https:\/\/iesbenjamin.educacion.navarra.es\/blogs\/orientacion\/wp-json\/wp\/v2\/pages\/351\/revisions"}],"predecessor-version":[{"id":1042,"href":"https:\/\/iesbenjamin.educacion.navarra.es\/blogs\/orientacion\/wp-json\/wp\/v2\/pages\/351\/revisions\/1042"}],"up":[{"embeddable":true,"href":"https:\/\/iesbenjamin.educacion.navarra.es\/blogs\/orientacion\/wp-json\/wp\/v2\/pages\/175"}],"wp:attachment":[{"href":"https:\/\/iesbenjamin.educacion.navarra.es\/blogs\/orientacion\/wp-json\/wp\/v2\/media?parent=351"}],"curies":[{"name":"wp","href":"https:\/\/api.w.org\/{rel}","templated":true}]}}