{"id":344,"date":"2017-03-01T17:37:16","date_gmt":"2017-03-01T17:37:16","guid":{"rendered":"http:\/\/iesbenjamin.educacion.navarra.es\/blogs\/orientacion\/?page_id=344"},"modified":"2021-01-04T17:19:36","modified_gmt":"2021-01-04T17:19:36","slug":"acceso-a-grados-formativos-mediante-prueba-de-acceso-a-grado-medio","status":"publish","type":"page","link":"https:\/\/iesbenjamin.educacion.navarra.es\/blogs\/orientacion\/orientacion-de-estudios\/formacion-profesional\/formacion-profesional-de-grado-medio\/acceso-a-grados-formativos-mediante-prueba-de-acceso-a-grado-medio\/","title":{"rendered":"Acceso a Grados Formativos mediante Prueba de Acceso a Grado Medio"},"content":{"rendered":"<p><strong><u>Pruebas de acceso a ciclos de GRADO MEDIO <\/u><\/strong><\/p>\n<p>&#8211;\u00a0<u>Requisitos de inscripci\u00f3n<\/u>:<\/p>\n<p>&#8211;<strong>Edad<\/strong>: Tener como m\u00ednimo 17 a\u00f1os o cumplirlos en el a\u00f1o natural.<\/p>\n<p>&#8211;<strong>No estar en posesi\u00f3n de <\/strong>los siguientes t\u00edtulos o certificados:<\/p>\n<p>-T\u00edtulo ESO \/ Profesional B\u00e1sico ( o \u00a0Certificado de superaci\u00f3n de los m\u00f3dulos obligatorios de un PCPI) \/ Bachiller \/ T\u00e9cnico \/ Universitario \/ T\u00e9cnico Superior.<\/p>\n<p><strong><em>Si desean cursar un ciclo de grado medio de Artes Pl\u00e1sticas y Dise\u00f1o o de Ense\u00f1anzas <\/em><em>deportivas, deben inscribirse a la prueba (su v\u00eda de acceso a estas ense\u00f1anzas es la Prueba <\/em><em>de acceso). <\/em><\/strong><\/p>\n<ul>\n<li><u>Efectos de la Superaci\u00f3n de la Prueba de Acceso a ciclos de grado medio <\/u><\/li>\n<li>Es equivalente a efectos profesionales al T\u00cdTULO DE GRADUADO EN ESO, siempre que se cumplan uno de los siguientes requisitos:\n<ul>\n<li>Haber superado todas las materias de los dos primeros cursos de la ESO \/ Haber cursado un ciclo formativo de grado medio y haber superado un n\u00famero de m\u00f3dulos profesionales cuya duraci\u00f3n sea, al menos, la mitad de la duraci\u00f3n total del ciclo \/ Acreditar estudios extranjeros que impliquen una escolaridad equivalente a la requerida en el sistema educativo espa\u00f1ol para incorporarse al tercer curso de la ESO \/ Haber superado todos los \u00e1mbitos del nivel 1 de la Educaci\u00f3n Secundaria para personas adultas \/ Promocionar a 3\u00aa de la ESO por acuerdo del equipo docente y no por imposibilidad de repetir 2\u00ba curso \/ haber superado un Programa de Iniciaci\u00f3n Profesional (PGS) o los m\u00f3dulos obligatorios de un PCPI, m\u00e1s haber cursado un ciclo formativo de grado medio y tener superado un n\u00famero de m\u00f3dulos profesionales cuya duraci\u00f3n sea, al menos, la tercera parte del ciclo.<\/li>\n<\/ul>\n<\/li>\n<\/ul>\n<p>ESTRUCTURA DE LA PRUEBA<\/p>\n<p>Se trata de una Prueba com\u00fan, estructurada en tres \u00e1mbitos<\/p>\n<ul>\n<li>Comunicaci\u00f3n ( Lengua)<\/li>\n<li>Social ( CC. Sociales, Geograf\u00eda e Historia)<\/li>\n<li>Cient\u00edfico-Tecnol\u00f3gico) ( Matem\u00e1ticas, CC. Naturales, F\u00edsica y Qu\u00edmica y Tecnolog\u00eda)<\/li>\n<\/ul>\n<p>Lso contenidos de la Prueba y ex\u00e1menes de otros cursos se pueden consultar en\u00a0<a href=\"http:\/\/www.navarra.es\/home_es\/Servicios\/ficha\/3104\/Pruebas-de-acceso-a-ciclos-de-FP-de-Artes-Plasticas-y-Diseno-y-de-Ensenanzas-Deportivas\" target=\"_blank\" rel=\"noopener\">Contenidos y ex\u00e1menes de la Prueba de acceso a GM<\/a>. En la ficha en el apartado \u00abM\u00e1s Informaci\u00f3n\u00bb<\/p>\n<p>En ese mismo enlace se pueden consultar las posibles exenciones de \u00e1mbitos, que son posibles si se han aprobado alg\u00fan \u00e1mbito de Prueba en Convocatorias anteriores ( solo a partir del a\u00f1o 2008)<\/p>\n<p>&#8211;<u>Calificaci\u00f3n de la Prueba<\/u>:<\/p>\n<p>Cada \u00e1mbito: entre 0 y 10.<\/p>\n<p>-Calificaci\u00f3n de la Prueba:Es la media aritm\u00e9tica de la calificaci\u00f3n de los 3 \u00e1mbitos (siempre que sean iguales o superiores a 4), expresada de 0 a 10, con dos decimales.<\/p>\n<p>Se considera que la Prueba ha sido superada con una calificaci\u00f3n de 5 o m\u00e1s puntos.<\/p>\n<p><em>Si existen \u00e1mbitos exentos, no cuentan para el c\u00e1lculo de la calificaci\u00f3n final de la prueba, excepto si la <\/em><em>exenci\u00f3n es debida a superaci\u00f3n de \u00e1reas de la prueba en convocatorias anteriores en Navarra.<\/em><\/p>\n<p>&#8211;<\/p>\n","protected":false},"excerpt":{"rendered":"<p>Pruebas de acceso a ciclos de GRADO MEDIO &#8211;\u00a0Requisitos de inscripci\u00f3n: &#8211;Edad: Tener como m\u00ednimo 17 a\u00f1os o cumplirlos en el a\u00f1o natural. &#8211;No estar en posesi\u00f3n de los siguientes t\u00edtulos o certificados: -T\u00edtulo ESO \/ Profesional B\u00e1sico ( o &hellip; <a href=\"https:\/\/iesbenjamin.educacion.navarra.es\/blogs\/orientacion\/orientacion-de-estudios\/formacion-profesional\/formacion-profesional-de-grado-medio\/acceso-a-grados-formativos-mediante-prueba-de-acceso-a-grado-medio\/\">Sigue leyendo <span class=\"meta-nav\">&rarr;<\/span><\/a><\/p>\n","protected":false},"author":84,"featured_media":0,"parent":173,"menu_order":0,"comment_status":"closed","ping_status":"closed","template":"","meta":[],"_links":{"self":[{"href":"https:\/\/iesbenjamin.educacion.navarra.es\/blogs\/orientacion\/wp-json\/wp\/v2\/pages\/344"}],"collection":[{"href":"https:\/\/iesbenjamin.educacion.navarra.es\/blogs\/orientacion\/wp-json\/wp\/v2\/pages"}],"about":[{"href":"https:\/\/iesbenjamin.educacion.navarra.es\/blogs\/orientacion\/wp-json\/wp\/v2\/types\/page"}],"author":[{"embeddable":true,"href":"https:\/\/iesbenjamin.educacion.navarra.es\/blogs\/orientacion\/wp-json\/wp\/v2\/users\/84"}],"replies":[{"embeddable":true,"href":"https:\/\/iesbenjamin.educacion.navarra.es\/blogs\/orientacion\/wp-json\/wp\/v2\/comments?post=344"}],"version-history":[{"count":3,"href":"https:\/\/iesbenjamin.educacion.navarra.es\/blogs\/orientacion\/wp-json\/wp\/v2\/pages\/344\/revisions"}],"predecessor-version":[{"id":1031,"href":"https:\/\/iesbenjamin.educacion.navarra.es\/blogs\/orientacion\/wp-json\/wp\/v2\/pages\/344\/revisions\/1031"}],"up":[{"embeddable":true,"href":"https:\/\/iesbenjamin.educacion.navarra.es\/blogs\/orientacion\/wp-json\/wp\/v2\/pages\/173"}],"wp:attachment":[{"href":"https:\/\/iesbenjamin.educacion.navarra.es\/blogs\/orientacion\/wp-json\/wp\/v2\/media?parent=344"}],"curies":[{"name":"wp","href":"https:\/\/api.w.org\/{rel}","templated":true}]}}