{"id":173,"date":"2016-12-05T17:06:48","date_gmt":"2016-12-05T17:06:48","guid":{"rendered":"http:\/\/iesbenjamin.educacion.navarra.es\/blogs\/orientacion\/?page_id=173"},"modified":"2021-04-06T16:12:15","modified_gmt":"2021-04-06T16:12:15","slug":"formacion-profesional-de-grado-medio","status":"publish","type":"page","link":"https:\/\/iesbenjamin.educacion.navarra.es\/blogs\/orientacion\/orientacion-de-estudios\/formacion-profesional\/formacion-profesional-de-grado-medio\/","title":{"rendered":"Formaci\u00f3n Profesional de Grado Medio"},"content":{"rendered":"<p><img loading=\"lazy\" class=\"wp-image-218 alignleft\" src=\"http:\/\/iesbenjamin.educacion.navarra.es\/blogs\/orientacion\/wp-content\/uploads\/sites\/8\/2016\/12\/Accountant_bank_officer-292x300.jpg\" alt=\"accountant_bank_officer\" width=\"189\" height=\"194\" srcset=\"https:\/\/iesbenjamin.educacion.navarra.es\/blogs\/orientacion\/wp-content\/uploads\/sites\/8\/2016\/12\/Accountant_bank_officer-292x300.jpg 292w, https:\/\/iesbenjamin.educacion.navarra.es\/blogs\/orientacion\/wp-content\/uploads\/sites\/8\/2016\/12\/Accountant_bank_officer.jpg 660w\" sizes=\"(max-width: 189px) 100vw, 189px\" \/><\/p>\n<p class=\"blog_subject\">La Formaci\u00f3n Profesional de <strong>GRADO MEDIO<\/strong>\u00a0te capacita para el desempe\u00f1o cualificado de las diversas profesiones y el acceso al empleo. Es la mejor opci\u00f3n, si al acabar la ESO,\u00a0 quieres incorporarte al mundo laboral r\u00e1pidamente.<\/p>\n<p>La Oferta formativa de Formaci\u00f3n Profesional responde a las necesidades de la sociedad y del mercado laboral, te permite:<\/p>\n<ul>\n<li>Cualificarte en la profesi\u00f3n que elijas.<\/li>\n<li>Acceder al empleo.<\/li>\n<li>Participar de forma activa en la vida social, cultural y econ\u00f3mica.<\/li>\n<\/ul>\n<p>La Formaci\u00f3n Profesional tiene una organizaci\u00f3n modular y sus contenidos adem\u00e1s de ser te\u00f3ricos y pr\u00e1cticos se ajustan a los diversos campos profesionales. Al finalizar estos estudios, obtendr\u00e1s el t\u00edtulo de T\u00e9cnico en la especialidad correspondiente y podr\u00e1s continuar estudios de Grado Superior o incorporarte al mundo laboral con garant\u00edas<\/p>\n<p class=\"blog_subject\">\u00a0Puedes encontrar toda la informaci\u00f3n sobre los diferentes ciclos de Grado medio , pincha en el men\u00fa de este blog \u00a0<a href=\"http:\/\/iesbenjamin.educacion.navarra.es\/blogs\/orientacion\/programa-el-orienta\/\" target=\"_blank\" rel=\"noopener noreferrer\">PROGRAMA EL ORIENTA <\/a>( para poder bajarlo \u00a0o consultarlo on line ORIENTA LINE) ,\u00a0o en el siguiente enlace del Ministerio de Educaci\u00f3n: <a href=\"http:\/\/todofp.es\/todofp\/formacion\/que-y-como-estudiar\/oferta-formativa.html\">TODOFP<\/a>,\u00a0 o en la p\u00e1gina web\u00a0 del Departamento de Educaci\u00f3n del Gobierno de Navarra, en este enlace: <a href=\"https:\/\/iesbenjamin.educacion.navarra.es\/blogs\/orientacion\/wp-content\/uploads\/sites\/8\/2021\/04\/Oferta_202122_GM-1.pdf\">Oferta_202122_GM-1<\/a><\/p>\n<p><strong>Estructura y Organizaci\u00f3n<\/strong><\/p>\n<p>Duraci\u00f3n: 2.000 horas, equivalentes a dos cursos acad\u00e9micos.<\/p>\n<ul>\n<li>Est\u00e1n compuestos por m\u00f3dulos (materias) asociados a unidades de competencia del Cat\u00e1logo Nacional de Cualificaciones Profesionales.<\/li>\n<li>M\u00f3dulo de\u00a0 Formaci\u00f3n en Centros de Trabajo.<\/li>\n<\/ul>\n<p><strong>Condiciones de acceso en Navarra<\/strong><\/p>\n<ul>\n<li>En primer curso de Ciclos Formativos de Grado Medio, por norma general se establecen 20 plazas por grupo, para el alumnado con la titulaci\u00f3n de:\n<ul>\n<li>Grupo 1. ESO &#8211; 14 plazas<\/li>\n<li>Grupo 2. FP B\u00e1sica &#8211; 4 plazas<\/li>\n<li>Grupo 3. Prueba &#8211; 2 plazas<\/li>\n<\/ul>\n<\/li>\n<\/ul>\n<p>Para informaci\u00f3n sobre Ciclos de otras Comunidades puede consultar el<a href=\"http:\/\/iesbenjamin.educacion.navarra.es\/blogs\/orientacion\/programa-el-orienta\/\"> Orienta Line<\/a>\u00a0y el enlace <a href=\"http:\/\/todofp.es\/todofp\/que-como-y-donde-estudiar\/que-estudiar\/ciclos\/grado-medio.html\">TODOFP<\/a> del Ministerio de Educaci\u00f3n<\/p>\n<p><strong>PARA CURSAR UN CICLO FORMATIVO DE GRADO MEDIO SE NECESITA:<\/strong><\/p>\n<ul>\n<li>Estar en posesi\u00f3n del t\u00edtulo de <strong>Graduado en Educaci\u00f3n Secundaria Obligatoria <\/strong>o de un nivel acad\u00e9mico superior.<\/li>\n<li>Estar en posesi\u00f3n de un T\u00edtulo Profesional B\u00e1sico (Formaci\u00f3n Profesional B\u00e1sica), pero con ciertas restricciones<\/li>\n<li>Estar en posesi\u00f3n de un t\u00edtulo de T\u00e9cnico o de T\u00e9cnico Auxiliar o equivalente a efectos acad\u00e9micos.<\/li>\n<li>Haber superado el segundo curso del Bachillerato Unificado y Polivalente (BUP).<\/li>\n<li>Haber superado la prueba de acceso a ciclos formativos de grado medio en Navarra<\/li>\n<li>Haber superado la prueba de acceso a la Universidad para mayores de 25 a\u00f1os<\/li>\n<\/ul>\n","protected":false},"excerpt":{"rendered":"<p>La Formaci\u00f3n Profesional de GRADO MEDIO\u00a0te capacita para el desempe\u00f1o cualificado de las diversas profesiones y el acceso al empleo. Es la mejor opci\u00f3n, si al acabar la ESO,\u00a0 quieres incorporarte al mundo laboral r\u00e1pidamente. La Oferta formativa de Formaci\u00f3n &hellip; <a href=\"https:\/\/iesbenjamin.educacion.navarra.es\/blogs\/orientacion\/orientacion-de-estudios\/formacion-profesional\/formacion-profesional-de-grado-medio\/\">Sigue leyendo <span class=\"meta-nav\">&rarr;<\/span><\/a><\/p>\n","protected":false},"author":84,"featured_media":0,"parent":60,"menu_order":0,"comment_status":"closed","ping_status":"closed","template":"","meta":[],"_links":{"self":[{"href":"https:\/\/iesbenjamin.educacion.navarra.es\/blogs\/orientacion\/wp-json\/wp\/v2\/pages\/173"}],"collection":[{"href":"https:\/\/iesbenjamin.educacion.navarra.es\/blogs\/orientacion\/wp-json\/wp\/v2\/pages"}],"about":[{"href":"https:\/\/iesbenjamin.educacion.navarra.es\/blogs\/orientacion\/wp-json\/wp\/v2\/types\/page"}],"author":[{"embeddable":true,"href":"https:\/\/iesbenjamin.educacion.navarra.es\/blogs\/orientacion\/wp-json\/wp\/v2\/users\/84"}],"replies":[{"embeddable":true,"href":"https:\/\/iesbenjamin.educacion.navarra.es\/blogs\/orientacion\/wp-json\/wp\/v2\/comments?post=173"}],"version-history":[{"count":14,"href":"https:\/\/iesbenjamin.educacion.navarra.es\/blogs\/orientacion\/wp-json\/wp\/v2\/pages\/173\/revisions"}],"predecessor-version":[{"id":1060,"href":"https:\/\/iesbenjamin.educacion.navarra.es\/blogs\/orientacion\/wp-json\/wp\/v2\/pages\/173\/revisions\/1060"}],"up":[{"embeddable":true,"href":"https:\/\/iesbenjamin.educacion.navarra.es\/blogs\/orientacion\/wp-json\/wp\/v2\/pages\/60"}],"wp:attachment":[{"href":"https:\/\/iesbenjamin.educacion.navarra.es\/blogs\/orientacion\/wp-json\/wp\/v2\/media?parent=173"}],"curies":[{"name":"wp","href":"https:\/\/api.w.org\/{rel}","templated":true}]}}