{"id":171,"date":"2016-12-05T17:06:10","date_gmt":"2016-12-05T17:06:10","guid":{"rendered":"http:\/\/iesbenjamin.educacion.navarra.es\/blogs\/orientacion\/?page_id=171"},"modified":"2021-04-06T16:11:10","modified_gmt":"2021-04-06T16:11:10","slug":"formacion-profesional-basica","status":"publish","type":"page","link":"https:\/\/iesbenjamin.educacion.navarra.es\/blogs\/orientacion\/orientacion-de-estudios\/formacion-profesional\/formacion-profesional-basica\/","title":{"rendered":"Formaci\u00f3n Profesional B\u00e1sica"},"content":{"rendered":"<h2><strong>\u00bfQu\u00e9 es la Formaci\u00f3n Profesional B\u00e1sica?<\/strong><\/h2>\n<p>La Ley Org\u00e1nica 8\/2013, de 9 de diciembre, para la mejora de la calidad educativa crea los ciclos de Formaci\u00f3n Profesional B\u00e1sica dentro de la Formaci\u00f3n Profesional del sistema educativo.<br \/>Su objetivo es doble:<\/p>\n<ul>\n<li>Facilitar la permanencia de los alumnos y las alumnas en el sistema educativo y<\/li>\n<li>Ofrecerles mayores posibilidades para su desarrollo personal y profesional.<\/li>\n<\/ul>\n<p>Estos ciclos de <strong>Formaci\u00f3n Profesional B\u00e1sica<\/strong>, adem\u00e1s de proporcionar una cualificaci\u00f3n de nivel 1 del Cat\u00e1logo Nacional de Cualificaciones Profesionales, contribuyen a la adquisici\u00f3n de las competencias del aprendizaje permanente para proseguir estudios de ense\u00f1anza secundaria postobligatoria. El t\u00edtulo que s eobtiene de Auxiliar o Ayudante<\/p>\n<p><strong><u>Estructura y organizaci\u00f3n<\/u><\/strong><\/p>\n<p>Duraci\u00f3n: 2.000 horas, equivalentes a 2 cursos acad\u00e9micos.<\/p>\n<p>Est\u00e1n compuestos por los siguientes M\u00f3dulos Profesionales:<\/p>\n<ul>\n<li>M\u00f3dulos asociados a unidades de competencia del Cat\u00e1logo Nacional de Cualificaciones Profesionales<\/li>\n<li>M\u00f3dulos asociados a competencias del aprendizaje permanente:\n<ul>\n<li>M\u00f3dulo de Comunicaci\u00f3n y Sociedad I y II<\/li>\n<li>M\u00f3dulo de Ciencias Aplicadas I y II<\/li>\n<\/ul>\n<\/li>\n<li>M\u00f3dulo de Formaci\u00f3n en Centros de Trabajo<\/li>\n<\/ul>\n<div><strong><u>T\u00edtulo Profesional B\u00e1sico<\/u><\/strong><\/div>\n<ul>\n<li>El alumno o la alumna que supere un ciclo de Formaci\u00f3n Profesional B\u00e1sica obtendr\u00e1 el T\u00edtulo Profesional B\u00e1sico correspondiente a las ense\u00f1anzas cursadas, con valor acad\u00e9mico y profesional y con validez en todo el territorio nacional.<\/li>\n<li>El T\u00edtulo Profesional B\u00e1sico permitir\u00e1 el acceso directo a los ciclos formativos de grado medio.<\/li>\n<li>El T\u00edtulo Profesional B\u00e1sico tendr\u00e1 los mismos efectos laborales que el t\u00edtulo de Graduado en Educaci\u00f3n Secundaria Obligatoria para el acceso a empleos p\u00fablicos y privados.<\/li>\n<\/ul>\n<p><strong>PARA CURSAR UN CICLO DE FP B\u00c1SICA SE NECESITA:<\/strong><\/p>\n<p>El acceso a los ciclos de Formaci\u00f3n Profesional B\u00e1sica requerir\u00e1 el <strong>cumplimiento simult\u00e1neo<\/strong> de las siguientes condiciones:<\/p>\n<ul>\n<li>Tener cumplidos quince a\u00f1os, o cumplirlos durante el a\u00f1o natural en curso, y no superar los diecisiete a\u00f1os de edad en el momento del acceso o durante el a\u00f1o natural en curso<\/li>\n<li>Haber cursado el primer ciclo \u00a0( 3\u00ba de ESO) de Educaci\u00f3n Secundaria Obligatoria o, excepcionalmente, haber cursado el segundo curso de la Educaci\u00f3n Secundaria Obligatoria.<\/li>\n<li>Haber propuesto el equipo docente a los padres, madres o tutores legales la incorporaci\u00f3n del alumno o alumna a un ciclo de Formaci\u00f3n Profesional B\u00e1sica y un Consejo Orientador favorable a dicha incorporaci\u00f3n.<\/li>\n<\/ul>\n<p>Puedes consultar en este enlace,<a href=\"http:\/\/www.navarra.es\/home_es\/Servicios\/ficha\/5334\/Inscripcion-Formacion-Profesional-Basica\" target=\"_blank\" rel=\"noopener\"> las condiciones de acceso en Navarra\u00a0para el curso 20-21<\/a><\/p>\n<p>Y en este otro la <a href=\"https:\/\/iesbenjamin.educacion.navarra.es\/blogs\/orientacion\/wp-content\/uploads\/sites\/8\/2021\/04\/Oferta_202122_FPB-TP-1.pdf\">Oferta_202122_FPB-TP-1<\/a><\/p>\n\n\n<p><\/p>\n","protected":false},"excerpt":{"rendered":"<p>\u00bfQu\u00e9 es la Formaci\u00f3n Profesional B\u00e1sica? La Ley Org\u00e1nica 8\/2013, de 9 de diciembre, para la mejora de la calidad educativa crea los ciclos de Formaci\u00f3n Profesional B\u00e1sica dentro de la Formaci\u00f3n Profesional del sistema educativo.Su objetivo es doble: Facilitar &hellip; <a href=\"https:\/\/iesbenjamin.educacion.navarra.es\/blogs\/orientacion\/orientacion-de-estudios\/formacion-profesional\/formacion-profesional-basica\/\">Sigue leyendo <span class=\"meta-nav\">&rarr;<\/span><\/a><\/p>\n","protected":false},"author":84,"featured_media":0,"parent":60,"menu_order":0,"comment_status":"closed","ping_status":"closed","template":"","meta":[],"_links":{"self":[{"href":"https:\/\/iesbenjamin.educacion.navarra.es\/blogs\/orientacion\/wp-json\/wp\/v2\/pages\/171"}],"collection":[{"href":"https:\/\/iesbenjamin.educacion.navarra.es\/blogs\/orientacion\/wp-json\/wp\/v2\/pages"}],"about":[{"href":"https:\/\/iesbenjamin.educacion.navarra.es\/blogs\/orientacion\/wp-json\/wp\/v2\/types\/page"}],"author":[{"embeddable":true,"href":"https:\/\/iesbenjamin.educacion.navarra.es\/blogs\/orientacion\/wp-json\/wp\/v2\/users\/84"}],"replies":[{"embeddable":true,"href":"https:\/\/iesbenjamin.educacion.navarra.es\/blogs\/orientacion\/wp-json\/wp\/v2\/comments?post=171"}],"version-history":[{"count":10,"href":"https:\/\/iesbenjamin.educacion.navarra.es\/blogs\/orientacion\/wp-json\/wp\/v2\/pages\/171\/revisions"}],"predecessor-version":[{"id":1059,"href":"https:\/\/iesbenjamin.educacion.navarra.es\/blogs\/orientacion\/wp-json\/wp\/v2\/pages\/171\/revisions\/1059"}],"up":[{"embeddable":true,"href":"https:\/\/iesbenjamin.educacion.navarra.es\/blogs\/orientacion\/wp-json\/wp\/v2\/pages\/60"}],"wp:attachment":[{"href":"https:\/\/iesbenjamin.educacion.navarra.es\/blogs\/orientacion\/wp-json\/wp\/v2\/media?parent=171"}],"curies":[{"name":"wp","href":"https:\/\/api.w.org\/{rel}","templated":true}]}}