{"id":468,"date":"2017-04-25T19:44:20","date_gmt":"2017-04-25T17:44:20","guid":{"rendered":"http:\/\/iesbenjamin.educacion.navarra.es\/blogs\/igualdad\/?page_id=468"},"modified":"2017-04-25T19:44:20","modified_gmt":"2017-04-25T17:44:20","slug":"anna-karenina","status":"publish","type":"page","link":"https:\/\/iesbenjamin.educacion.navarra.es\/blogs\/igualdad\/mujeres-y-literatura\/anna-karenina\/","title":{"rendered":"ANNA KARENINA"},"content":{"rendered":"<p style=\"text-align: center\">Las alumnas y alumnos de 1\u00ba de bachillerato con el apoyo de su profesor de Literatura Universal, han trabajado la obra de Tolstoi:\u00a0<em>Anna Karenina,\u00a0<\/em>a trav\u00e9s de la\u00a0versi\u00f3n cinematogr\u00e1fica del director Joe Wright.<\/p>\n<p style=\"text-align: center\"><img loading=\"lazy\" class=\"alignnone size-medium wp-image-466\" src=\"http:\/\/iesbenjamin.educacion.navarra.es\/blogs\/igualdad\/wp-content\/uploads\/sites\/5\/2017\/04\/Anna-Karenina-Cartel-208x300.jpg\" alt=\"\" width=\"208\" height=\"300\" srcset=\"https:\/\/iesbenjamin.educacion.navarra.es\/blogs\/igualdad\/wp-content\/uploads\/sites\/5\/2017\/04\/Anna-Karenina-Cartel-208x300.jpg 208w, https:\/\/iesbenjamin.educacion.navarra.es\/blogs\/igualdad\/wp-content\/uploads\/sites\/5\/2017\/04\/Anna-Karenina-Cartel.jpg 600w\" sizes=\"(max-width: 208px) 100vw, 208px\" \/><\/p>\n<p style=\"text-align: center\">En esta obra comienza a plantearse la cuesti\u00f3n de los derechos de la mujer, tema ya candente en la segunda mitad del siglo XIX.<\/p>\n<p style=\"text-align: center\">Os dejamos la actividad realizada por el alumnado:<\/p>\n<p style=\"text-align: center\"><a href=\"http:\/\/iesbenjamin.educacion.navarra.es\/blogs\/igualdad\/wp-content\/uploads\/sites\/5\/2017\/04\/ANNA-KARENINA.pdf\">ANNA KARENINA<\/a><\/p>\n","protected":false},"excerpt":{"rendered":"<p>Las alumnas y alumnos de 1\u00ba de bachillerato con el apoyo de su profesor de Literatura Universal, han trabajado la obra de Tolstoi:\u00a0Anna Karenina,\u00a0a trav\u00e9s de la\u00a0versi\u00f3n cinematogr\u00e1fica del director Joe Wright. En esta obra comienza a plantearse la cuesti\u00f3n &hellip; <a href=\"https:\/\/iesbenjamin.educacion.navarra.es\/blogs\/igualdad\/mujeres-y-literatura\/anna-karenina\/\">Sigue leyendo <span class=\"meta-nav\">&rarr;<\/span><\/a><\/p>\n","protected":false},"author":7,"featured_media":0,"parent":40,"menu_order":0,"comment_status":"closed","ping_status":"closed","template":"","meta":[],"_links":{"self":[{"href":"https:\/\/iesbenjamin.educacion.navarra.es\/blogs\/igualdad\/wp-json\/wp\/v2\/pages\/468"}],"collection":[{"href":"https:\/\/iesbenjamin.educacion.navarra.es\/blogs\/igualdad\/wp-json\/wp\/v2\/pages"}],"about":[{"href":"https:\/\/iesbenjamin.educacion.navarra.es\/blogs\/igualdad\/wp-json\/wp\/v2\/types\/page"}],"author":[{"embeddable":true,"href":"https:\/\/iesbenjamin.educacion.navarra.es\/blogs\/igualdad\/wp-json\/wp\/v2\/users\/7"}],"replies":[{"embeddable":true,"href":"https:\/\/iesbenjamin.educacion.navarra.es\/blogs\/igualdad\/wp-json\/wp\/v2\/comments?post=468"}],"version-history":[{"count":1,"href":"https:\/\/iesbenjamin.educacion.navarra.es\/blogs\/igualdad\/wp-json\/wp\/v2\/pages\/468\/revisions"}],"predecessor-version":[{"id":469,"href":"https:\/\/iesbenjamin.educacion.navarra.es\/blogs\/igualdad\/wp-json\/wp\/v2\/pages\/468\/revisions\/469"}],"up":[{"embeddable":true,"href":"https:\/\/iesbenjamin.educacion.navarra.es\/blogs\/igualdad\/wp-json\/wp\/v2\/pages\/40"}],"wp:attachment":[{"href":"https:\/\/iesbenjamin.educacion.navarra.es\/blogs\/igualdad\/wp-json\/wp\/v2\/media?parent=468"}],"curies":[{"name":"wp","href":"https:\/\/api.w.org\/{rel}","templated":true}]}}